{"id":202,"date":"2024-09-23T10:42:06","date_gmt":"2024-09-23T10:42:06","guid":{"rendered":"https:\/\/sinacoso.org\/?page_id=202"},"modified":"2025-09-10T08:40:50","modified_gmt":"2025-09-10T08:40:50","slug":"blog","status":"publish","type":"page","link":"https:\/\/sinacoso.org\/blog\/","title":{"rendered":"Blog"},"content":{"rendered":"\t\t<div data-elementor-type=\"wp-page\" data-elementor-id=\"202\" class=\"elementor elementor-202\" data-elementor-post-type=\"page\">\n\t\t\t\t\t\t<section class=\"elementor-section elementor-top-section elementor-element elementor-element-9ad7205 elementor-section-boxed elementor-section-height-default elementor-section-height-default\" data-id=\"9ad7205\" data-element_type=\"section\" data-e-type=\"section\" data-settings=\"{&quot;background_background&quot;:&quot;video&quot;,&quot;background_video_link&quot;:&quot;https:\\\/\\\/sinacoso.org\\\/wp-content\\\/uploads\\\/2024\\\/09\\\/7692918-hd_1280_720_25fps.mp4&quot;,&quot;background_play_on_mobile&quot;:&quot;yes&quot;}\">\n\t\t\t\t\t\t\t\t<div class=\"elementor-background-video-container\">\n\t\t\t\t\t\t\t\t\t\t\t\t\t<video class=\"elementor-background-video-hosted\" role=\"presentation\" autoplay muted playsinline loop><\/video>\n\t\t\t\t\t\t\t\t\t\t\t<\/div>\n\t\t\t\t\t\t\t\t\t<div class=\"elementor-background-overlay\"><\/div>\n\t\t\t\t\t\t\t<div class=\"elementor-container elementor-column-gap-default\">\n\t\t\t\t\t<div class=\"elementor-column elementor-col-100 elementor-top-column elementor-element elementor-element-f9dc57f elementor-invisible\" data-id=\"f9dc57f\" data-element_type=\"column\" data-e-type=\"column\" data-settings=\"{&quot;animation&quot;:&quot;fadeInDown&quot;,&quot;background_background&quot;:&quot;classic&quot;}\">\n\t\t\t<div class=\"elementor-widget-wrap elementor-element-populated\">\n\t\t\t\t\t<div class=\"elementor-background-overlay\"><\/div>\n\t\t\t\t\t\t<div class=\"elementor-element elementor-element-4303ed4 elementor-widget elementor-widget-heading\" data-id=\"4303ed4\" data-element_type=\"widget\" data-e-type=\"widget\" data-widget_type=\"heading.default\">\n\t\t\t\t<div class=\"elementor-widget-container\">\n\t\t\t\t\t<h1 class=\"elementor-heading-title elementor-size-default\">BLOG<\/h1>\t\t\t\t<\/div>\n\t\t\t\t<\/div>\n\t\t\t\t<div class=\"elementor-element elementor-element-4a70867 elementor-widget elementor-widget-text-editor\" data-id=\"4a70867\" data-element_type=\"widget\" data-e-type=\"widget\" data-widget_type=\"text-editor.default\">\n\t\t\t\t<div class=\"elementor-widget-container\">\n\t\t\t\t\t\t\t\t\t<p>Encuentra art\u00edculos y recursos sobre prevenci\u00f3n de acoso laboral y sexual, y c\u00f3mo proteger tus derechos a trav\u00e9s de nuestro canal de denuncias an\u00f3nimas.<\/p>\t\t\t\t\t\t\t\t<\/div>\n\t\t\t\t<\/div>\n\t\t\t\t\t<\/div>\n\t\t<\/div>\n\t\t\t\t\t<\/div>\n\t\t<\/section>\n\t\t<div class=\"elementor-element elementor-element-d2dde11 e-flex e-con-boxed e-con e-parent\" data-id=\"d2dde11\" data-element_type=\"container\" data-e-type=\"container\">\n\t\t\t\t\t<div class=\"e-con-inner\">\n\t\t\t\t<div class=\"elementor-element elementor-element-5169065 elementor-grid-3 elementor-grid-tablet-2 elementor-grid-mobile-1 elementor-posts--thumbnail-top elementor-widget elementor-widget-posts\" data-id=\"5169065\" data-element_type=\"widget\" data-e-type=\"widget\" data-settings=\"{&quot;classic_columns&quot;:&quot;3&quot;,&quot;classic_columns_tablet&quot;:&quot;2&quot;,&quot;classic_columns_mobile&quot;:&quot;1&quot;,&quot;classic_row_gap&quot;:{&quot;unit&quot;:&quot;px&quot;,&quot;size&quot;:35,&quot;sizes&quot;:[]},&quot;classic_row_gap_tablet&quot;:{&quot;unit&quot;:&quot;px&quot;,&quot;size&quot;:&quot;&quot;,&quot;sizes&quot;:[]},&quot;classic_row_gap_mobile&quot;:{&quot;unit&quot;:&quot;px&quot;,&quot;size&quot;:&quot;&quot;,&quot;sizes&quot;:[]}}\" data-widget_type=\"posts.classic\">\n\t\t\t\t<div class=\"elementor-widget-container\">\n\t\t\t\t\t\t\t<div class=\"elementor-posts-container elementor-posts elementor-posts--skin-classic elementor-grid\">\n\t\t\t\t<article class=\"elementor-post elementor-grid-item post-388 post type-post status-publish format-standard has-post-thumbnail hentry category-uncategorized\">\n\t\t\t\t<a class=\"elementor-post__thumbnail__link\" href=\"https:\/\/sinacoso.org\/blog\/acoso-laboral-en-la-era-postdigital-como-proteger-tu-empresa-en-2025-con-sinacoso-org-2\/\" tabindex=\"-1\" >\n\t\t\t<div class=\"elementor-post__thumbnail\"><img fetchpriority=\"high\" decoding=\"async\" width=\"300\" height=\"200\" src=\"https:\/\/sinacoso.org\/wp-content\/uploads\/2025\/08\/6831-300x200.jpg\" class=\"attachment-medium size-medium wp-image-389\" alt=\"\" srcset=\"https:\/\/sinacoso.org\/wp-content\/uploads\/2025\/08\/6831-300x200.jpg 300w, https:\/\/sinacoso.org\/wp-content\/uploads\/2025\/08\/6831-768x512.jpg 768w, https:\/\/sinacoso.org\/wp-content\/uploads\/2025\/08\/6831.jpg 1000w\" sizes=\"(max-width: 300px) 100vw, 300px\" \/><\/div>\n\t\t<\/a>\n\t\t\t\t<div class=\"elementor-post__text\">\n\t\t\t\t<h3 class=\"elementor-post__title\">\n\t\t\t<a href=\"https:\/\/sinacoso.org\/blog\/acoso-laboral-en-la-era-postdigital-como-proteger-tu-empresa-en-2025-con-sinacoso-org-2\/\" >\n\t\t\t\tAcoso laboral en la era postdigital: c\u00f3mo proteger tu empresa en 2025 con sinacoso.org\t\t\t<\/a>\n\t\t<\/h3>\n\t\t\t\t<div class=\"elementor-post__excerpt\">\n\t\t\t<p>El&nbsp;acoso laboral&nbsp;sigue siendo uno de los principales riesgos para las empresas en Espa\u00f1a y en todo el entorno hispanohablante. En 2025, las normativas se han<\/p>\n\t\t<\/div>\n\t\t\n\t\t<a class=\"elementor-post__read-more\" href=\"https:\/\/sinacoso.org\/blog\/acoso-laboral-en-la-era-postdigital-como-proteger-tu-empresa-en-2025-con-sinacoso-org-2\/\" aria-label=\"Read more about Acoso laboral en la era postdigital: c\u00f3mo proteger tu empresa en 2025 con sinacoso.org\" tabindex=\"-1\" >\n\t\t\tLeer m\u00e1s \u00bb\t\t<\/a>\n\n\t\t\t\t<\/div>\n\t\t\t\t<\/article>\n\t\t\t\t<article class=\"elementor-post elementor-grid-item post-383 post type-post status-publish format-standard has-post-thumbnail hentry category-blog\">\n\t\t\t\t<a class=\"elementor-post__thumbnail__link\" href=\"https:\/\/sinacoso.org\/blog\/acoso-laboral-en-la-era-postdigital-como-proteger-tu-empresa-en-2025-con-sinacoso-org\/\" tabindex=\"-1\" >\n\t\t\t<div class=\"elementor-post__thumbnail\"><img decoding=\"async\" width=\"300\" height=\"200\" src=\"https:\/\/sinacoso.org\/wp-content\/uploads\/2025\/07\/2148431391-300x200.jpg\" class=\"attachment-medium size-medium wp-image-384\" alt=\"\" srcset=\"https:\/\/sinacoso.org\/wp-content\/uploads\/2025\/07\/2148431391-300x200.jpg 300w, https:\/\/sinacoso.org\/wp-content\/uploads\/2025\/07\/2148431391-768x512.jpg 768w, https:\/\/sinacoso.org\/wp-content\/uploads\/2025\/07\/2148431391.jpg 1000w\" sizes=\"(max-width: 300px) 100vw, 300px\" \/><\/div>\n\t\t<\/a>\n\t\t\t\t<div class=\"elementor-post__text\">\n\t\t\t\t<h3 class=\"elementor-post__title\">\n\t\t\t<a href=\"https:\/\/sinacoso.org\/blog\/acoso-laboral-en-la-era-postdigital-como-proteger-tu-empresa-en-2025-con-sinacoso-org\/\" >\n\t\t\t\tAcoso laboral en la era postdigital: c\u00f3mo proteger tu empresa en 2025 con sinacoso.org\t\t\t<\/a>\n\t\t<\/h3>\n\t\t\t\t<div class=\"elementor-post__excerpt\">\n\t\t\t<p>Vivimos en la era de la transparencia, la hiperconectividad y la cultura del bienestar. En 2025, la manera en la que una empresa gestiona su&nbsp;prevenci\u00f3n<\/p>\n\t\t<\/div>\n\t\t\n\t\t<a class=\"elementor-post__read-more\" href=\"https:\/\/sinacoso.org\/blog\/acoso-laboral-en-la-era-postdigital-como-proteger-tu-empresa-en-2025-con-sinacoso-org\/\" aria-label=\"Read more about Acoso laboral en la era postdigital: c\u00f3mo proteger tu empresa en 2025 con sinacoso.org\" tabindex=\"-1\" >\n\t\t\tLeer m\u00e1s \u00bb\t\t<\/a>\n\n\t\t\t\t<\/div>\n\t\t\t\t<\/article>\n\t\t\t\t<article class=\"elementor-post elementor-grid-item post-381 post type-post status-publish format-standard has-post-thumbnail hentry category-blog\">\n\t\t\t\t<a class=\"elementor-post__thumbnail__link\" href=\"https:\/\/sinacoso.org\/blog\/prevencion-del-acoso-laboral-en-2025-transparencia-ia-y-cultura-del-respeto-con-sinacoso-org\/\" tabindex=\"-1\" >\n\t\t\t<div class=\"elementor-post__thumbnail\"><img decoding=\"async\" width=\"300\" height=\"200\" src=\"https:\/\/sinacoso.org\/wp-content\/uploads\/2024\/09\/338-300x200.jpg\" class=\"attachment-medium size-medium wp-image-148\" alt=\"\" srcset=\"https:\/\/sinacoso.org\/wp-content\/uploads\/2024\/09\/338-300x200.jpg 300w, https:\/\/sinacoso.org\/wp-content\/uploads\/2024\/09\/338-1024x683.jpg 1024w, https:\/\/sinacoso.org\/wp-content\/uploads\/2024\/09\/338-768x513.jpg 768w, https:\/\/sinacoso.org\/wp-content\/uploads\/2024\/09\/338-600x400.jpg 600w, https:\/\/sinacoso.org\/wp-content\/uploads\/2024\/09\/338.jpg 1500w\" sizes=\"(max-width: 300px) 100vw, 300px\" \/><\/div>\n\t\t<\/a>\n\t\t\t\t<div class=\"elementor-post__text\">\n\t\t\t\t<h3 class=\"elementor-post__title\">\n\t\t\t<a href=\"https:\/\/sinacoso.org\/blog\/prevencion-del-acoso-laboral-en-2025-transparencia-ia-y-cultura-del-respeto-con-sinacoso-org\/\" >\n\t\t\t\tPrevenci\u00f3n del acoso laboral en 2025: transparencia, IA y cultura del respeto con sinacoso.org\t\t\t<\/a>\n\t\t<\/h3>\n\t\t\t\t<div class=\"elementor-post__excerpt\">\n\t\t\t<p>El mundo laboral ha cambiado. En 2025, las empresas que triunfan no son solo las que innovan en producto, sino las que apuestan por&nbsp;culturas corporativas<\/p>\n\t\t<\/div>\n\t\t\n\t\t<a class=\"elementor-post__read-more\" href=\"https:\/\/sinacoso.org\/blog\/prevencion-del-acoso-laboral-en-2025-transparencia-ia-y-cultura-del-respeto-con-sinacoso-org\/\" aria-label=\"Read more about Prevenci\u00f3n del acoso laboral en 2025: transparencia, IA y cultura del respeto con sinacoso.org\" tabindex=\"-1\" >\n\t\t\tLeer m\u00e1s \u00bb\t\t<\/a>\n\n\t\t\t\t<\/div>\n\t\t\t\t<\/article>\n\t\t\t\t<article class=\"elementor-post elementor-grid-item post-373 post type-post status-publish format-standard has-post-thumbnail hentry category-blog\">\n\t\t\t\t<a class=\"elementor-post__thumbnail__link\" href=\"https:\/\/sinacoso.org\/blog\/acoso-laboral-lo-que-tu-empresa-no-ve-puede-destruirlo-todo\/\" tabindex=\"-1\" >\n\t\t\t<div class=\"elementor-post__thumbnail\"><img loading=\"lazy\" decoding=\"async\" width=\"300\" height=\"169\" src=\"https:\/\/sinacoso.org\/wp-content\/uploads\/2025\/04\/2386-300x169.jpg\" class=\"attachment-medium size-medium wp-image-374\" alt=\"\" srcset=\"https:\/\/sinacoso.org\/wp-content\/uploads\/2025\/04\/2386-300x169.jpg 300w, https:\/\/sinacoso.org\/wp-content\/uploads\/2025\/04\/2386-768x432.jpg 768w, https:\/\/sinacoso.org\/wp-content\/uploads\/2025\/04\/2386.jpg 1000w\" sizes=\"(max-width: 300px) 100vw, 300px\" \/><\/div>\n\t\t<\/a>\n\t\t\t\t<div class=\"elementor-post__text\">\n\t\t\t\t<h3 class=\"elementor-post__title\">\n\t\t\t<a href=\"https:\/\/sinacoso.org\/blog\/acoso-laboral-lo-que-tu-empresa-no-ve-puede-destruirlo-todo\/\" >\n\t\t\t\tAcoso laboral: lo que tu empresa no ve, puede destruirlo todo\t\t\t<\/a>\n\t\t<\/h3>\n\t\t\t\t<div class=\"elementor-post__excerpt\">\n\t\t\t<p>Puede que en tu empresa no se hable de acoso. Puede que pienses que \u201ceso aqu\u00ed no pasa\u201d. Pero el silencio no es sin\u00f3nimo de<\/p>\n\t\t<\/div>\n\t\t\n\t\t<a class=\"elementor-post__read-more\" href=\"https:\/\/sinacoso.org\/blog\/acoso-laboral-lo-que-tu-empresa-no-ve-puede-destruirlo-todo\/\" aria-label=\"Read more about Acoso laboral: lo que tu empresa no ve, puede destruirlo todo\" tabindex=\"-1\" >\n\t\t\tLeer m\u00e1s \u00bb\t\t<\/a>\n\n\t\t\t\t<\/div>\n\t\t\t\t<\/article>\n\t\t\t\t<article class=\"elementor-post elementor-grid-item post-370 post type-post status-publish format-standard has-post-thumbnail hentry category-blog\">\n\t\t\t\t<a class=\"elementor-post__thumbnail__link\" href=\"https:\/\/sinacoso.org\/blog\/la-nueva-cultura-empresarial-comienza-sin-acoso-protege-tu-equipo-con-sinacoso-org\/\" tabindex=\"-1\" >\n\t\t\t<div class=\"elementor-post__thumbnail\"><img loading=\"lazy\" decoding=\"async\" width=\"300\" height=\"200\" src=\"https:\/\/sinacoso.org\/wp-content\/uploads\/2025\/04\/15773-300x200.jpg\" class=\"attachment-medium size-medium wp-image-371\" alt=\"\" srcset=\"https:\/\/sinacoso.org\/wp-content\/uploads\/2025\/04\/15773-300x200.jpg 300w, https:\/\/sinacoso.org\/wp-content\/uploads\/2025\/04\/15773-1024x683.jpg 1024w, https:\/\/sinacoso.org\/wp-content\/uploads\/2025\/04\/15773-768x512.jpg 768w, https:\/\/sinacoso.org\/wp-content\/uploads\/2025\/04\/15773.jpg 1500w\" sizes=\"(max-width: 300px) 100vw, 300px\" \/><\/div>\n\t\t<\/a>\n\t\t\t\t<div class=\"elementor-post__text\">\n\t\t\t\t<h3 class=\"elementor-post__title\">\n\t\t\t<a href=\"https:\/\/sinacoso.org\/blog\/la-nueva-cultura-empresarial-comienza-sin-acoso-protege-tu-equipo-con-sinacoso-org\/\" >\n\t\t\t\tLa nueva cultura empresarial comienza sin acoso: protege tu equipo con sinacoso.org\t\t\t<\/a>\n\t\t<\/h3>\n\t\t\t\t<div class=\"elementor-post__excerpt\">\n\t\t\t<p>En un mundo donde las empresas se transforman constantemente, hay algo que no puede quedarse atr\u00e1s: la forma en la que tratamos a las personas.<\/p>\n\t\t<\/div>\n\t\t\n\t\t<a class=\"elementor-post__read-more\" href=\"https:\/\/sinacoso.org\/blog\/la-nueva-cultura-empresarial-comienza-sin-acoso-protege-tu-equipo-con-sinacoso-org\/\" aria-label=\"Read more about La nueva cultura empresarial comienza sin acoso: protege tu equipo con sinacoso.org\" tabindex=\"-1\" >\n\t\t\tLeer m\u00e1s \u00bb\t\t<\/a>\n\n\t\t\t\t<\/div>\n\t\t\t\t<\/article>\n\t\t\t\t<article class=\"elementor-post elementor-grid-item post-367 post type-post status-publish format-standard has-post-thumbnail hentry category-uncategorized\">\n\t\t\t\t<a class=\"elementor-post__thumbnail__link\" href=\"https:\/\/sinacoso.org\/blog\/evita-el-acoso-laboral-en-tu-empresa-con-soluciones-legales-y-efectivas-de-sinacoso-org\/\" tabindex=\"-1\" >\n\t\t\t<div class=\"elementor-post__thumbnail\"><img loading=\"lazy\" decoding=\"async\" width=\"300\" height=\"200\" src=\"https:\/\/sinacoso.org\/wp-content\/uploads\/2025\/03\/comprobacion-datos-computadora-portatil_1098-17026-300x200.jpg\" class=\"attachment-medium size-medium wp-image-368\" alt=\"\" srcset=\"https:\/\/sinacoso.org\/wp-content\/uploads\/2025\/03\/comprobacion-datos-computadora-portatil_1098-17026-300x200.jpg 300w, https:\/\/sinacoso.org\/wp-content\/uploads\/2025\/03\/comprobacion-datos-computadora-portatil_1098-17026-1024x683.jpg 1024w, https:\/\/sinacoso.org\/wp-content\/uploads\/2025\/03\/comprobacion-datos-computadora-portatil_1098-17026-768x512.jpg 768w, https:\/\/sinacoso.org\/wp-content\/uploads\/2025\/03\/comprobacion-datos-computadora-portatil_1098-17026-1536x1025.jpg 1536w, https:\/\/sinacoso.org\/wp-content\/uploads\/2025\/03\/comprobacion-datos-computadora-portatil_1098-17026.jpg 2000w\" sizes=\"(max-width: 300px) 100vw, 300px\" \/><\/div>\n\t\t<\/a>\n\t\t\t\t<div class=\"elementor-post__text\">\n\t\t\t\t<h3 class=\"elementor-post__title\">\n\t\t\t<a href=\"https:\/\/sinacoso.org\/blog\/evita-el-acoso-laboral-en-tu-empresa-con-soluciones-legales-y-efectivas-de-sinacoso-org\/\" >\n\t\t\t\tEvita el acoso laboral en tu empresa con soluciones legales y efectivas de sinacoso.org\t\t\t<\/a>\n\t\t<\/h3>\n\t\t\t\t<div class=\"elementor-post__excerpt\">\n\t\t\t<p>En la actualidad, las empresas no solo deben enfocarse en ser productivas, tambi\u00e9n deben garantizar que su entorno laboral sea seguro, saludable y respetuoso. El&nbsp;acoso<\/p>\n\t\t<\/div>\n\t\t\n\t\t<a class=\"elementor-post__read-more\" href=\"https:\/\/sinacoso.org\/blog\/evita-el-acoso-laboral-en-tu-empresa-con-soluciones-legales-y-efectivas-de-sinacoso-org\/\" aria-label=\"Read more about Evita el acoso laboral en tu empresa con soluciones legales y efectivas de sinacoso.org\" tabindex=\"-1\" >\n\t\t\tLeer m\u00e1s \u00bb\t\t<\/a>\n\n\t\t\t\t<\/div>\n\t\t\t\t<\/article>\n\t\t\t\t<article class=\"elementor-post elementor-grid-item post-364 post type-post status-publish format-standard has-post-thumbnail hentry category-blog\">\n\t\t\t\t<a class=\"elementor-post__thumbnail__link\" href=\"https:\/\/sinacoso.org\/blog\/como-prevenir-el-acoso-laboral-y-proteger-tu-empresa-con-sinacoso-org\/\" tabindex=\"-1\" >\n\t\t\t<div class=\"elementor-post__thumbnail\"><img loading=\"lazy\" decoding=\"async\" width=\"300\" height=\"200\" src=\"https:\/\/sinacoso.org\/wp-content\/uploads\/2025\/03\/2148826469-300x200.jpg\" class=\"attachment-medium size-medium wp-image-365\" alt=\"\" srcset=\"https:\/\/sinacoso.org\/wp-content\/uploads\/2025\/03\/2148826469-300x200.jpg 300w, https:\/\/sinacoso.org\/wp-content\/uploads\/2025\/03\/2148826469-1024x683.jpg 1024w, https:\/\/sinacoso.org\/wp-content\/uploads\/2025\/03\/2148826469-768x513.jpg 768w, https:\/\/sinacoso.org\/wp-content\/uploads\/2025\/03\/2148826469.jpg 1500w\" sizes=\"(max-width: 300px) 100vw, 300px\" \/><\/div>\n\t\t<\/a>\n\t\t\t\t<div class=\"elementor-post__text\">\n\t\t\t\t<h3 class=\"elementor-post__title\">\n\t\t\t<a href=\"https:\/\/sinacoso.org\/blog\/como-prevenir-el-acoso-laboral-y-proteger-tu-empresa-con-sinacoso-org\/\" >\n\t\t\t\tC\u00f3mo prevenir el acoso laboral y proteger tu empresa con sinacoso.org\t\t\t<\/a>\n\t\t<\/h3>\n\t\t\t\t<div class=\"elementor-post__excerpt\">\n\t\t\t<p>El&nbsp;acoso laboral&nbsp;es un problema que afecta a miles de empresas en todo el mundo. No solo genera un ambiente de trabajo t\u00f3xico, sino que tambi\u00e9n<\/p>\n\t\t<\/div>\n\t\t\n\t\t<a class=\"elementor-post__read-more\" href=\"https:\/\/sinacoso.org\/blog\/como-prevenir-el-acoso-laboral-y-proteger-tu-empresa-con-sinacoso-org\/\" aria-label=\"Read more about C\u00f3mo prevenir el acoso laboral y proteger tu empresa con sinacoso.org\" tabindex=\"-1\" >\n\t\t\tLeer m\u00e1s \u00bb\t\t<\/a>\n\n\t\t\t\t<\/div>\n\t\t\t\t<\/article>\n\t\t\t\t<article class=\"elementor-post elementor-grid-item post-361 post type-post status-publish format-standard has-post-thumbnail hentry category-blog\">\n\t\t\t\t<a class=\"elementor-post__thumbnail__link\" href=\"https:\/\/sinacoso.org\/blog\/protege-tu-empresa-y-a-tu-equipo-prevenir-el-acoso-es-clave\/\" tabindex=\"-1\" >\n\t\t\t<div class=\"elementor-post__thumbnail\"><img loading=\"lazy\" decoding=\"async\" width=\"300\" height=\"200\" src=\"https:\/\/sinacoso.org\/wp-content\/uploads\/2025\/02\/15773-300x200.jpg\" class=\"attachment-medium size-medium wp-image-362\" alt=\"\" srcset=\"https:\/\/sinacoso.org\/wp-content\/uploads\/2025\/02\/15773-300x200.jpg 300w, https:\/\/sinacoso.org\/wp-content\/uploads\/2025\/02\/15773-768x512.jpg 768w, https:\/\/sinacoso.org\/wp-content\/uploads\/2025\/02\/15773.jpg 1000w\" sizes=\"(max-width: 300px) 100vw, 300px\" \/><\/div>\n\t\t<\/a>\n\t\t\t\t<div class=\"elementor-post__text\">\n\t\t\t\t<h3 class=\"elementor-post__title\">\n\t\t\t<a href=\"https:\/\/sinacoso.org\/blog\/protege-tu-empresa-y-a-tu-equipo-prevenir-el-acoso-es-clave\/\" >\n\t\t\t\tProtege tu empresa y a tu equipo: Prevenir el acoso es clave\t\t\t<\/a>\n\t\t<\/h3>\n\t\t\t\t<div class=\"elementor-post__excerpt\">\n\t\t\t<p>El acoso en el entorno laboral es un problema serio que afecta a empleados y empresas por igual. No solo genera un ambiente de trabajo<\/p>\n\t\t<\/div>\n\t\t\n\t\t<a class=\"elementor-post__read-more\" href=\"https:\/\/sinacoso.org\/blog\/protege-tu-empresa-y-a-tu-equipo-prevenir-el-acoso-es-clave\/\" aria-label=\"Read more about Protege tu empresa y a tu equipo: Prevenir el acoso es clave\" tabindex=\"-1\" >\n\t\t\tLeer m\u00e1s \u00bb\t\t<\/a>\n\n\t\t\t\t<\/div>\n\t\t\t\t<\/article>\n\t\t\t\t<article class=\"elementor-post elementor-grid-item post-358 post type-post status-publish format-standard has-post-thumbnail hentry category-blog\">\n\t\t\t\t<a class=\"elementor-post__thumbnail__link\" href=\"https:\/\/sinacoso.org\/blog\/un-entorno-laboral-seguro-empieza-con-prevencion-la-clave-para-evitar-el-acoso\/\" tabindex=\"-1\" >\n\t\t\t<div class=\"elementor-post__thumbnail\"><img loading=\"lazy\" decoding=\"async\" width=\"300\" height=\"200\" src=\"https:\/\/sinacoso.org\/wp-content\/uploads\/2025\/02\/gerente-mujer-rubia-segura-posando-sonrisa-despues-conferencia-otros-empleados-programador-asiatico-hablando-autonomo-africano-mientras-secretaria-rubia-riendo_197531-3859-300x200.jpg\" class=\"attachment-medium size-medium wp-image-359\" alt=\"\" srcset=\"https:\/\/sinacoso.org\/wp-content\/uploads\/2025\/02\/gerente-mujer-rubia-segura-posando-sonrisa-despues-conferencia-otros-empleados-programador-asiatico-hablando-autonomo-africano-mientras-secretaria-rubia-riendo_197531-3859-300x200.jpg 300w, https:\/\/sinacoso.org\/wp-content\/uploads\/2025\/02\/gerente-mujer-rubia-segura-posando-sonrisa-despues-conferencia-otros-empleados-programador-asiatico-hablando-autonomo-africano-mientras-secretaria-rubia-riendo_197531-3859-1024x682.jpg 1024w, https:\/\/sinacoso.org\/wp-content\/uploads\/2025\/02\/gerente-mujer-rubia-segura-posando-sonrisa-despues-conferencia-otros-empleados-programador-asiatico-hablando-autonomo-africano-mientras-secretaria-rubia-riendo_197531-3859-768x512.jpg 768w, https:\/\/sinacoso.org\/wp-content\/uploads\/2025\/02\/gerente-mujer-rubia-segura-posando-sonrisa-despues-conferencia-otros-empleados-programador-asiatico-hablando-autonomo-africano-mientras-secretaria-rubia-riendo_197531-3859-1536x1024.jpg 1536w, https:\/\/sinacoso.org\/wp-content\/uploads\/2025\/02\/gerente-mujer-rubia-segura-posando-sonrisa-despues-conferencia-otros-empleados-programador-asiatico-hablando-autonomo-africano-mientras-secretaria-rubia-riendo_197531-3859.jpg 2000w\" sizes=\"(max-width: 300px) 100vw, 300px\" \/><\/div>\n\t\t<\/a>\n\t\t\t\t<div class=\"elementor-post__text\">\n\t\t\t\t<h3 class=\"elementor-post__title\">\n\t\t\t<a href=\"https:\/\/sinacoso.org\/blog\/un-entorno-laboral-seguro-empieza-con-prevencion-la-clave-para-evitar-el-acoso\/\" >\n\t\t\t\tUn entorno laboral seguro empieza con prevenci\u00f3n: La clave para evitar el acoso\t\t\t<\/a>\n\t\t<\/h3>\n\t\t\t\t<div class=\"elementor-post__excerpt\">\n\t\t\t<p>El acoso laboral no solo afecta a quienes lo sufren, sino que tambi\u00e9n da\u00f1a la moral, la productividad y la reputaci\u00f3n de una empresa. Un<\/p>\n\t\t<\/div>\n\t\t\n\t\t<a class=\"elementor-post__read-more\" href=\"https:\/\/sinacoso.org\/blog\/un-entorno-laboral-seguro-empieza-con-prevencion-la-clave-para-evitar-el-acoso\/\" aria-label=\"Read more about Un entorno laboral seguro empieza con prevenci\u00f3n: La clave para evitar el acoso\" tabindex=\"-1\" >\n\t\t\tLeer m\u00e1s \u00bb\t\t<\/a>\n\n\t\t\t\t<\/div>\n\t\t\t\t<\/article>\n\t\t\t\t<article class=\"elementor-post elementor-grid-item post-354 post type-post status-publish format-standard has-post-thumbnail hentry category-uncategorized\">\n\t\t\t\t<a class=\"elementor-post__thumbnail__link\" href=\"https:\/\/sinacoso.org\/blog\/crea-un-entorno-laboral-libre-de-acoso-con-el-apoyo-de-sinacoso-org\/\" tabindex=\"-1\" >\n\t\t\t<div class=\"elementor-post__thumbnail\"><img loading=\"lazy\" decoding=\"async\" width=\"300\" height=\"200\" src=\"https:\/\/sinacoso.org\/wp-content\/uploads\/2025\/01\/5886-300x200.jpg\" class=\"attachment-medium size-medium wp-image-355\" alt=\"\" srcset=\"https:\/\/sinacoso.org\/wp-content\/uploads\/2025\/01\/5886-300x200.jpg 300w, https:\/\/sinacoso.org\/wp-content\/uploads\/2025\/01\/5886-768x512.jpg 768w, https:\/\/sinacoso.org\/wp-content\/uploads\/2025\/01\/5886.jpg 1000w\" sizes=\"(max-width: 300px) 100vw, 300px\" \/><\/div>\n\t\t<\/a>\n\t\t\t\t<div class=\"elementor-post__text\">\n\t\t\t\t<h3 class=\"elementor-post__title\">\n\t\t\t<a href=\"https:\/\/sinacoso.org\/blog\/crea-un-entorno-laboral-libre-de-acoso-con-el-apoyo-de-sinacoso-org\/\" >\n\t\t\t\tCrea un entorno laboral libre de acoso con el apoyo de sinacoso.org\t\t\t<\/a>\n\t\t<\/h3>\n\t\t\t\t<div class=\"elementor-post__excerpt\">\n\t\t\t<p>El acoso laboral es una de las principales amenazas para un ambiente de trabajo saludable y productivo. Adem\u00e1s de afectar directamente el bienestar de los<\/p>\n\t\t<\/div>\n\t\t\n\t\t<a class=\"elementor-post__read-more\" href=\"https:\/\/sinacoso.org\/blog\/crea-un-entorno-laboral-libre-de-acoso-con-el-apoyo-de-sinacoso-org\/\" aria-label=\"Read more about Crea un entorno laboral libre de acoso con el apoyo de sinacoso.org\" tabindex=\"-1\" >\n\t\t\tLeer m\u00e1s \u00bb\t\t<\/a>\n\n\t\t\t\t<\/div>\n\t\t\t\t<\/article>\n\t\t\t\t<article class=\"elementor-post elementor-grid-item post-351 post type-post status-publish format-standard has-post-thumbnail hentry category-uncategorized\">\n\t\t\t\t<a class=\"elementor-post__thumbnail__link\" href=\"https:\/\/sinacoso.org\/blog\/unete-como-colaborador-y-gana-dinero-mientras-ayudas-a-millones-de-personas\/\" tabindex=\"-1\" >\n\t\t\t<div class=\"elementor-post__thumbnail\"><img loading=\"lazy\" decoding=\"async\" width=\"300\" height=\"200\" src=\"https:\/\/sinacoso.org\/wp-content\/uploads\/2025\/01\/2149416509-300x200.jpg\" class=\"attachment-medium size-medium wp-image-352\" alt=\"\" srcset=\"https:\/\/sinacoso.org\/wp-content\/uploads\/2025\/01\/2149416509-300x200.jpg 300w, https:\/\/sinacoso.org\/wp-content\/uploads\/2025\/01\/2149416509-768x512.jpg 768w, https:\/\/sinacoso.org\/wp-content\/uploads\/2025\/01\/2149416509.jpg 1000w\" sizes=\"(max-width: 300px) 100vw, 300px\" \/><\/div>\n\t\t<\/a>\n\t\t\t\t<div class=\"elementor-post__text\">\n\t\t\t\t<h3 class=\"elementor-post__title\">\n\t\t\t<a href=\"https:\/\/sinacoso.org\/blog\/unete-como-colaborador-y-gana-dinero-mientras-ayudas-a-millones-de-personas\/\" >\n\t\t\t\t\u00danete como Colaborador y gana dinero mientras ayudas a millones de personas\t\t\t<\/a>\n\t\t<\/h3>\n\t\t\t\t<div class=\"elementor-post__excerpt\">\n\t\t\t<p>\u00bfEres&nbsp;influencer,&nbsp;community manager,&nbsp;comercial&nbsp;o tienes experiencia en redes sociales? En nuestra plataforma, puedes convertirte en Colaborador y generar ingresos con un modelo sencillo y rentable. Al unirte,<\/p>\n\t\t<\/div>\n\t\t\n\t\t<a class=\"elementor-post__read-more\" href=\"https:\/\/sinacoso.org\/blog\/unete-como-colaborador-y-gana-dinero-mientras-ayudas-a-millones-de-personas\/\" aria-label=\"Read more about \u00danete como Colaborador y gana dinero mientras ayudas a millones de personas\" tabindex=\"-1\" >\n\t\t\tLeer m\u00e1s \u00bb\t\t<\/a>\n\n\t\t\t\t<\/div>\n\t\t\t\t<\/article>\n\t\t\t\t<article class=\"elementor-post elementor-grid-item post-347 post type-post status-publish format-standard has-post-thumbnail hentry category-blog\">\n\t\t\t\t<a class=\"elementor-post__thumbnail__link\" href=\"https:\/\/sinacoso.org\/blog\/como-prevenir-el-acoso-laboral-tu-plan-y-canal-de-denuncias-con-sinacoso-org\/\" tabindex=\"-1\" >\n\t\t\t<div class=\"elementor-post__thumbnail\"><img loading=\"lazy\" decoding=\"async\" width=\"300\" height=\"200\" src=\"https:\/\/sinacoso.org\/wp-content\/uploads\/2024\/12\/grupo-empresarios-hablando-si-mientras-trabajan_171337-5886-300x200.jpg\" class=\"attachment-medium size-medium wp-image-348\" alt=\"\" srcset=\"https:\/\/sinacoso.org\/wp-content\/uploads\/2024\/12\/grupo-empresarios-hablando-si-mientras-trabajan_171337-5886-300x200.jpg 300w, https:\/\/sinacoso.org\/wp-content\/uploads\/2024\/12\/grupo-empresarios-hablando-si-mientras-trabajan_171337-5886-1024x682.jpg 1024w, https:\/\/sinacoso.org\/wp-content\/uploads\/2024\/12\/grupo-empresarios-hablando-si-mientras-trabajan_171337-5886-768x512.jpg 768w, https:\/\/sinacoso.org\/wp-content\/uploads\/2024\/12\/grupo-empresarios-hablando-si-mientras-trabajan_171337-5886-1536x1024.jpg 1536w, https:\/\/sinacoso.org\/wp-content\/uploads\/2024\/12\/grupo-empresarios-hablando-si-mientras-trabajan_171337-5886.jpg 2000w\" sizes=\"(max-width: 300px) 100vw, 300px\" \/><\/div>\n\t\t<\/a>\n\t\t\t\t<div class=\"elementor-post__text\">\n\t\t\t\t<h3 class=\"elementor-post__title\">\n\t\t\t<a href=\"https:\/\/sinacoso.org\/blog\/como-prevenir-el-acoso-laboral-tu-plan-y-canal-de-denuncias-con-sinacoso-org\/\" >\n\t\t\t\tC\u00f3mo prevenir el acoso laboral: Tu Plan y Canal de Denuncias con sinacoso.org\t\t\t<\/a>\n\t\t<\/h3>\n\t\t\t\t<div class=\"elementor-post__excerpt\">\n\t\t\t<p>El acoso laboral es una problem\u00e1tica seria que puede afectar tanto a los empleados como a las empresas. M\u00e1s all\u00e1 de ser una obligaci\u00f3n legal,<\/p>\n\t\t<\/div>\n\t\t\n\t\t<a class=\"elementor-post__read-more\" href=\"https:\/\/sinacoso.org\/blog\/como-prevenir-el-acoso-laboral-tu-plan-y-canal-de-denuncias-con-sinacoso-org\/\" aria-label=\"Read more about C\u00f3mo prevenir el acoso laboral: Tu Plan y Canal de Denuncias con sinacoso.org\" tabindex=\"-1\" >\n\t\t\tLeer m\u00e1s \u00bb\t\t<\/a>\n\n\t\t\t\t<\/div>\n\t\t\t\t<\/article>\n\t\t\t\t<article class=\"elementor-post elementor-grid-item post-342 post type-post status-publish format-standard has-post-thumbnail hentry category-blog\">\n\t\t\t\t<a class=\"elementor-post__thumbnail__link\" href=\"https:\/\/sinacoso.org\/blog\/como-prevenir-el-acoso-laboral-guia-para-crear-un-entorno-de-trabajo-seguro-y-respetuoso\/\" tabindex=\"-1\" >\n\t\t\t<div class=\"elementor-post__thumbnail\"><img loading=\"lazy\" decoding=\"async\" width=\"300\" height=\"200\" src=\"https:\/\/sinacoso.org\/wp-content\/uploads\/2024\/12\/pexels-cowomen-1058097-2041627-300x200.jpg\" class=\"attachment-medium size-medium wp-image-344\" alt=\"\" srcset=\"https:\/\/sinacoso.org\/wp-content\/uploads\/2024\/12\/pexels-cowomen-1058097-2041627-300x200.jpg 300w, https:\/\/sinacoso.org\/wp-content\/uploads\/2024\/12\/pexels-cowomen-1058097-2041627.jpg 640w\" sizes=\"(max-width: 300px) 100vw, 300px\" \/><\/div>\n\t\t<\/a>\n\t\t\t\t<div class=\"elementor-post__text\">\n\t\t\t\t<h3 class=\"elementor-post__title\">\n\t\t\t<a href=\"https:\/\/sinacoso.org\/blog\/como-prevenir-el-acoso-laboral-guia-para-crear-un-entorno-de-trabajo-seguro-y-respetuoso\/\" >\n\t\t\t\tC\u00f3mo Prevenir el Acoso Laboral: Gu\u00eda para Crear un Entorno de Trabajo Seguro y Respetuoso\t\t\t<\/a>\n\t\t<\/h3>\n\t\t\t\t<div class=\"elementor-post__excerpt\">\n\t\t\t<p>El acoso laboral es un problema que afecta tanto a las personas como a las empresas. Este tipo de conducta, que incluye abuso verbal, intimidaci\u00f3n,<\/p>\n\t\t<\/div>\n\t\t\n\t\t<a class=\"elementor-post__read-more\" href=\"https:\/\/sinacoso.org\/blog\/como-prevenir-el-acoso-laboral-guia-para-crear-un-entorno-de-trabajo-seguro-y-respetuoso\/\" aria-label=\"Read more about C\u00f3mo Prevenir el Acoso Laboral: Gu\u00eda para Crear un Entorno de Trabajo Seguro y Respetuoso\" tabindex=\"-1\" >\n\t\t\tLeer m\u00e1s \u00bb\t\t<\/a>\n\n\t\t\t\t<\/div>\n\t\t\t\t<\/article>\n\t\t\t\t<article class=\"elementor-post elementor-grid-item post-339 post type-post status-publish format-standard has-post-thumbnail hentry category-blog\">\n\t\t\t\t<a class=\"elementor-post__thumbnail__link\" href=\"https:\/\/sinacoso.org\/blog\/el-acoso-en-el-trabajo-un-problema-que-podemos-resolver-juntos\/\" tabindex=\"-1\" >\n\t\t\t<div class=\"elementor-post__thumbnail\"><img loading=\"lazy\" decoding=\"async\" width=\"300\" height=\"200\" src=\"https:\/\/sinacoso.org\/wp-content\/uploads\/2024\/12\/2148985498-300x200.jpg\" class=\"attachment-medium size-medium wp-image-340\" alt=\"\" srcset=\"https:\/\/sinacoso.org\/wp-content\/uploads\/2024\/12\/2148985498-300x200.jpg 300w, https:\/\/sinacoso.org\/wp-content\/uploads\/2024\/12\/2148985498-768x512.jpg 768w, https:\/\/sinacoso.org\/wp-content\/uploads\/2024\/12\/2148985498.jpg 1000w\" sizes=\"(max-width: 300px) 100vw, 300px\" \/><\/div>\n\t\t<\/a>\n\t\t\t\t<div class=\"elementor-post__text\">\n\t\t\t\t<h3 class=\"elementor-post__title\">\n\t\t\t<a href=\"https:\/\/sinacoso.org\/blog\/el-acoso-en-el-trabajo-un-problema-que-podemos-resolver-juntos\/\" >\n\t\t\t\tEl Acoso en el Trabajo: Un Problema que Podemos Resolver Juntos\t\t\t<\/a>\n\t\t<\/h3>\n\t\t\t\t<div class=\"elementor-post__excerpt\">\n\t\t\t<p>El acoso laboral, o&nbsp;mobbing, no solo afecta la salud mental y f\u00edsica de quienes lo sufren, sino que tambi\u00e9n deteriora el ambiente laboral, disminuye la<\/p>\n\t\t<\/div>\n\t\t\n\t\t<a class=\"elementor-post__read-more\" href=\"https:\/\/sinacoso.org\/blog\/el-acoso-en-el-trabajo-un-problema-que-podemos-resolver-juntos\/\" aria-label=\"Read more about El Acoso en el Trabajo: Un Problema que Podemos Resolver Juntos\" tabindex=\"-1\" >\n\t\t\tLeer m\u00e1s \u00bb\t\t<\/a>\n\n\t\t\t\t<\/div>\n\t\t\t\t<\/article>\n\t\t\t\t<article class=\"elementor-post elementor-grid-item post-335 post type-post status-publish format-standard has-post-thumbnail hentry category-blog\">\n\t\t\t\t<a class=\"elementor-post__thumbnail__link\" href=\"https:\/\/sinacoso.org\/blog\/sinacoso-org-la-revolucion-en-la-prevencion-del-acoso-laboral-y-sexual\/\" tabindex=\"-1\" >\n\t\t\t<div class=\"elementor-post__thumbnail\"><img loading=\"lazy\" decoding=\"async\" width=\"300\" height=\"200\" src=\"https:\/\/sinacoso.org\/wp-content\/uploads\/2024\/12\/pexels-janetrangdoan-1024248-300x200.jpg\" class=\"attachment-medium size-medium wp-image-336\" alt=\"\" srcset=\"https:\/\/sinacoso.org\/wp-content\/uploads\/2024\/12\/pexels-janetrangdoan-1024248-300x200.jpg 300w, https:\/\/sinacoso.org\/wp-content\/uploads\/2024\/12\/pexels-janetrangdoan-1024248.jpg 640w\" sizes=\"(max-width: 300px) 100vw, 300px\" \/><\/div>\n\t\t<\/a>\n\t\t\t\t<div class=\"elementor-post__text\">\n\t\t\t\t<h3 class=\"elementor-post__title\">\n\t\t\t<a href=\"https:\/\/sinacoso.org\/blog\/sinacoso-org-la-revolucion-en-la-prevencion-del-acoso-laboral-y-sexual\/\" >\n\t\t\t\tSinAcoso.org: La Revoluci\u00f3n en la Prevenci\u00f3n del Acoso Laboral y Sexual\t\t\t<\/a>\n\t\t<\/h3>\n\t\t\t\t<div class=\"elementor-post__excerpt\">\n\t\t\t<p>En un mundo donde la comunicaci\u00f3n y la transparencia son clave, SinAcoso.org se erige como un faro de esperanza para empresas y organizaciones que buscan<\/p>\n\t\t<\/div>\n\t\t\n\t\t<a class=\"elementor-post__read-more\" href=\"https:\/\/sinacoso.org\/blog\/sinacoso-org-la-revolucion-en-la-prevencion-del-acoso-laboral-y-sexual\/\" aria-label=\"Read more about SinAcoso.org: La Revoluci\u00f3n en la Prevenci\u00f3n del Acoso Laboral y Sexual\" tabindex=\"-1\" >\n\t\t\tLeer m\u00e1s \u00bb\t\t<\/a>\n\n\t\t\t\t<\/div>\n\t\t\t\t<\/article>\n\t\t\t\t<article class=\"elementor-post elementor-grid-item post-332 post type-post status-publish format-standard has-post-thumbnail hentry category-blog\">\n\t\t\t\t<a class=\"elementor-post__thumbnail__link\" href=\"https:\/\/sinacoso.org\/blog\/tipos-de-acoso-en-el-trabajo-identificacion-y-prevencion\/\" tabindex=\"-1\" >\n\t\t\t<div class=\"elementor-post__thumbnail\"><img loading=\"lazy\" decoding=\"async\" width=\"300\" height=\"200\" src=\"https:\/\/sinacoso.org\/wp-content\/uploads\/2024\/11\/2149762521-300x200.jpg\" class=\"attachment-medium size-medium wp-image-333\" alt=\"\" srcset=\"https:\/\/sinacoso.org\/wp-content\/uploads\/2024\/11\/2149762521-300x200.jpg 300w, https:\/\/sinacoso.org\/wp-content\/uploads\/2024\/11\/2149762521-768x512.jpg 768w, https:\/\/sinacoso.org\/wp-content\/uploads\/2024\/11\/2149762521.jpg 1000w\" sizes=\"(max-width: 300px) 100vw, 300px\" \/><\/div>\n\t\t<\/a>\n\t\t\t\t<div class=\"elementor-post__text\">\n\t\t\t\t<h3 class=\"elementor-post__title\">\n\t\t\t<a href=\"https:\/\/sinacoso.org\/blog\/tipos-de-acoso-en-el-trabajo-identificacion-y-prevencion\/\" >\n\t\t\t\tTipos de Acoso en el Trabajo: Identificaci\u00f3n y Prevenci\u00f3n\t\t\t<\/a>\n\t\t<\/h3>\n\t\t\t\t<div class=\"elementor-post__excerpt\">\n\t\t\t<p>El acoso laboral, tambi\u00e9n conocido como&nbsp;mobbing, es una realidad que afecta a miles de trabajadores en diferentes industrias y entornos laborales. Este tipo de conducta<\/p>\n\t\t<\/div>\n\t\t\n\t\t<a class=\"elementor-post__read-more\" href=\"https:\/\/sinacoso.org\/blog\/tipos-de-acoso-en-el-trabajo-identificacion-y-prevencion\/\" aria-label=\"Read more about Tipos de Acoso en el Trabajo: Identificaci\u00f3n y Prevenci\u00f3n\" tabindex=\"-1\" >\n\t\t\tLeer m\u00e1s \u00bb\t\t<\/a>\n\n\t\t\t\t<\/div>\n\t\t\t\t<\/article>\n\t\t\t\t<article class=\"elementor-post elementor-grid-item post-328 post type-post status-publish format-standard has-post-thumbnail hentry category-blog\">\n\t\t\t\t<a class=\"elementor-post__thumbnail__link\" href=\"https:\/\/sinacoso.org\/blog\/planes-de-prevencion-de-acoso-laboral-y-sexual-unete-a-nuestra-red-de-colaboradores\/\" tabindex=\"-1\" >\n\t\t\t<div class=\"elementor-post__thumbnail\"><img loading=\"lazy\" decoding=\"async\" width=\"300\" height=\"200\" src=\"https:\/\/sinacoso.org\/wp-content\/uploads\/2024\/11\/2148144531-300x200.jpg\" class=\"attachment-medium size-medium wp-image-329\" alt=\"\" srcset=\"https:\/\/sinacoso.org\/wp-content\/uploads\/2024\/11\/2148144531-300x200.jpg 300w, https:\/\/sinacoso.org\/wp-content\/uploads\/2024\/11\/2148144531-768x512.jpg 768w, https:\/\/sinacoso.org\/wp-content\/uploads\/2024\/11\/2148144531.jpg 1000w\" sizes=\"(max-width: 300px) 100vw, 300px\" \/><\/div>\n\t\t<\/a>\n\t\t\t\t<div class=\"elementor-post__text\">\n\t\t\t\t<h3 class=\"elementor-post__title\">\n\t\t\t<a href=\"https:\/\/sinacoso.org\/blog\/planes-de-prevencion-de-acoso-laboral-y-sexual-unete-a-nuestra-red-de-colaboradores\/\" >\n\t\t\t\tPlanes de Prevenci\u00f3n de Acoso Laboral y Sexual: \u00danete a Nuestra Red de Colaboradores\t\t\t<\/a>\n\t\t<\/h3>\n\t\t\t\t<div class=\"elementor-post__excerpt\">\n\t\t\t<p>En un mundo donde el bienestar en el lugar de trabajo es esencial, ofrecemos&nbsp;Planes de Prevenci\u00f3n de Acoso Laboral y Sexual&nbsp;dise\u00f1ados para proteger a las<\/p>\n\t\t<\/div>\n\t\t\n\t\t<a class=\"elementor-post__read-more\" href=\"https:\/\/sinacoso.org\/blog\/planes-de-prevencion-de-acoso-laboral-y-sexual-unete-a-nuestra-red-de-colaboradores\/\" aria-label=\"Read more about Planes de Prevenci\u00f3n de Acoso Laboral y Sexual: \u00danete a Nuestra Red de Colaboradores\" tabindex=\"-1\" >\n\t\t\tLeer m\u00e1s \u00bb\t\t<\/a>\n\n\t\t\t\t<\/div>\n\t\t\t\t<\/article>\n\t\t\t\t<article class=\"elementor-post elementor-grid-item post-325 post type-post status-publish format-standard has-post-thumbnail hentry category-blog\">\n\t\t\t\t<a class=\"elementor-post__thumbnail__link\" href=\"https:\/\/sinacoso.org\/blog\/las-leyes-amparan-tu-bienestar-laboral-como-actuar-frente-al-acoso-en-el-trabajo\/\" tabindex=\"-1\" >\n\t\t\t<div class=\"elementor-post__thumbnail\"><img loading=\"lazy\" decoding=\"async\" width=\"300\" height=\"214\" src=\"https:\/\/sinacoso.org\/wp-content\/uploads\/2024\/11\/2148911755-300x214.jpg\" class=\"attachment-medium size-medium wp-image-326\" alt=\"\" srcset=\"https:\/\/sinacoso.org\/wp-content\/uploads\/2024\/11\/2148911755-300x214.jpg 300w, https:\/\/sinacoso.org\/wp-content\/uploads\/2024\/11\/2148911755-768x548.jpg 768w, https:\/\/sinacoso.org\/wp-content\/uploads\/2024\/11\/2148911755.jpg 1000w\" sizes=\"(max-width: 300px) 100vw, 300px\" \/><\/div>\n\t\t<\/a>\n\t\t\t\t<div class=\"elementor-post__text\">\n\t\t\t\t<h3 class=\"elementor-post__title\">\n\t\t\t<a href=\"https:\/\/sinacoso.org\/blog\/las-leyes-amparan-tu-bienestar-laboral-como-actuar-frente-al-acoso-en-el-trabajo\/\" >\n\t\t\t\tLas Leyes Amparan tu Bienestar Laboral: C\u00f3mo Actuar Frente al Acoso en el Trabajo\t\t\t<\/a>\n\t\t<\/h3>\n\t\t\t\t<div class=\"elementor-post__excerpt\">\n\t\t\t<p>En el entorno laboral, es esencial que cada persona se sienta segura, respetada y protegida. Sin embargo, en algunas ocasiones, pueden surgir situaciones de acoso<\/p>\n\t\t<\/div>\n\t\t\n\t\t<a class=\"elementor-post__read-more\" href=\"https:\/\/sinacoso.org\/blog\/las-leyes-amparan-tu-bienestar-laboral-como-actuar-frente-al-acoso-en-el-trabajo\/\" aria-label=\"Read more about Las Leyes Amparan tu Bienestar Laboral: C\u00f3mo Actuar Frente al Acoso en el Trabajo\" tabindex=\"-1\" >\n\t\t\tLeer m\u00e1s \u00bb\t\t<\/a>\n\n\t\t\t\t<\/div>\n\t\t\t\t<\/article>\n\t\t\t\t<article class=\"elementor-post elementor-grid-item post-321 post type-post status-publish format-standard has-post-thumbnail hentry category-blog\">\n\t\t\t\t<a class=\"elementor-post__thumbnail__link\" href=\"https:\/\/sinacoso.org\/blog\/plan-de-prevencion-de-acoso-en-el-entorno-laboral\/\" tabindex=\"-1\" >\n\t\t\t<div class=\"elementor-post__thumbnail\"><img loading=\"lazy\" decoding=\"async\" width=\"300\" height=\"200\" src=\"https:\/\/sinacoso.org\/wp-content\/uploads\/2024\/11\/2147839947-300x200.jpg\" class=\"attachment-medium size-medium wp-image-322\" alt=\"\" srcset=\"https:\/\/sinacoso.org\/wp-content\/uploads\/2024\/11\/2147839947-300x200.jpg 300w, https:\/\/sinacoso.org\/wp-content\/uploads\/2024\/11\/2147839947-768x512.jpg 768w, https:\/\/sinacoso.org\/wp-content\/uploads\/2024\/11\/2147839947.jpg 1000w\" sizes=\"(max-width: 300px) 100vw, 300px\" \/><\/div>\n\t\t<\/a>\n\t\t\t\t<div class=\"elementor-post__text\">\n\t\t\t\t<h3 class=\"elementor-post__title\">\n\t\t\t<a href=\"https:\/\/sinacoso.org\/blog\/plan-de-prevencion-de-acoso-en-el-entorno-laboral\/\" >\n\t\t\t\tPlan de Prevenci\u00f3n de Acoso en el Entorno Laboral\t\t\t<\/a>\n\t\t<\/h3>\n\t\t\t\t<div class=\"elementor-post__excerpt\">\n\t\t\t<p>En el contexto laboral actual, la prevenci\u00f3n del acoso en el trabajo es una prioridad fundamental para garantizar un ambiente seguro y saludable para todos<\/p>\n\t\t<\/div>\n\t\t\n\t\t<a class=\"elementor-post__read-more\" href=\"https:\/\/sinacoso.org\/blog\/plan-de-prevencion-de-acoso-en-el-entorno-laboral\/\" aria-label=\"Read more about Plan de Prevenci\u00f3n de Acoso en el Entorno Laboral\" tabindex=\"-1\" >\n\t\t\tLeer m\u00e1s \u00bb\t\t<\/a>\n\n\t\t\t\t<\/div>\n\t\t\t\t<\/article>\n\t\t\t\t<article class=\"elementor-post elementor-grid-item post-296 post type-post status-publish format-standard has-post-thumbnail hentry category-blog tag-acoso-laboral tag-ambiente-laboral-seguro tag-anonimato tag-apoyo-legal tag-asesoria-juridica tag-canal-de-denuncias tag-confidencialidad tag-cultura-empresarial tag-cumplimiento-normativo tag-denuncias-anonimas tag-etica-laboral tag-gestion-de-denuncias tag-integridad-empresarial tag-privacidad-en-denuncias tag-proteccion-de-derechos tag-proteccion-de-empleados tag-seguridad-en-el-trabajo\">\n\t\t\t\t<a class=\"elementor-post__thumbnail__link\" href=\"https:\/\/sinacoso.org\/blog\/la-importancia-de-la-confidencialidad-en-las-denuncias-anonimas\/\" tabindex=\"-1\" >\n\t\t\t<div class=\"elementor-post__thumbnail\"><img loading=\"lazy\" decoding=\"async\" width=\"300\" height=\"300\" src=\"https:\/\/sinacoso.org\/wp-content\/uploads\/2024\/09\/Captura-de-pantalla-2024-09-24-a-las-14.37.52-300x300.png\" class=\"attachment-medium size-medium wp-image-299\" alt=\"\" srcset=\"https:\/\/sinacoso.org\/wp-content\/uploads\/2024\/09\/Captura-de-pantalla-2024-09-24-a-las-14.37.52-300x300.png 300w, https:\/\/sinacoso.org\/wp-content\/uploads\/2024\/09\/Captura-de-pantalla-2024-09-24-a-las-14.37.52-1024x1024.png 1024w, https:\/\/sinacoso.org\/wp-content\/uploads\/2024\/09\/Captura-de-pantalla-2024-09-24-a-las-14.37.52-150x150.png 150w, https:\/\/sinacoso.org\/wp-content\/uploads\/2024\/09\/Captura-de-pantalla-2024-09-24-a-las-14.37.52-768x767.png 768w, https:\/\/sinacoso.org\/wp-content\/uploads\/2024\/09\/Captura-de-pantalla-2024-09-24-a-las-14.37.52-1536x1534.png 1536w, https:\/\/sinacoso.org\/wp-content\/uploads\/2024\/09\/Captura-de-pantalla-2024-09-24-a-las-14.37.52-600x599.png 600w, https:\/\/sinacoso.org\/wp-content\/uploads\/2024\/09\/Captura-de-pantalla-2024-09-24-a-las-14.37.52-100x100.png 100w, https:\/\/sinacoso.org\/wp-content\/uploads\/2024\/09\/Captura-de-pantalla-2024-09-24-a-las-14.37.52.png 1708w\" sizes=\"(max-width: 300px) 100vw, 300px\" \/><\/div>\n\t\t<\/a>\n\t\t\t\t<div class=\"elementor-post__text\">\n\t\t\t\t<h3 class=\"elementor-post__title\">\n\t\t\t<a href=\"https:\/\/sinacoso.org\/blog\/la-importancia-de-la-confidencialidad-en-las-denuncias-anonimas\/\" >\n\t\t\t\tLa Importancia de la Confidencialidad en las Denuncias An\u00f3nimas:\t\t\t<\/a>\n\t\t<\/h3>\n\t\t\t\t<div class=\"elementor-post__excerpt\">\n\t\t\t<p>En cualquier entorno laboral, garantizar la confidencialidad de las denuncias es un pilar fundamental para promover un ambiente de trabajo seguro y respetuoso. Muchas veces,<\/p>\n\t\t<\/div>\n\t\t\n\t\t<a class=\"elementor-post__read-more\" href=\"https:\/\/sinacoso.org\/blog\/la-importancia-de-la-confidencialidad-en-las-denuncias-anonimas\/\" aria-label=\"Read more about La Importancia de la Confidencialidad en las Denuncias An\u00f3nimas:\" tabindex=\"-1\" >\n\t\t\tLeer m\u00e1s \u00bb\t\t<\/a>\n\n\t\t\t\t<\/div>\n\t\t\t\t<\/article>\n\t\t\t\t<article class=\"elementor-post elementor-grid-item post-239 post type-post status-publish format-standard has-post-thumbnail hentry category-blog tag-acoso-laboral tag-asesoramiento-juridico tag-asistencia-juridica tag-ayuda-juridica tag-canal-de-denuncias-anonimo tag-confidencialidad tag-defensa-legal tag-denuncia-anonima tag-derechos-laborales tag-empresa tag-entorno-laboral-seguro tag-normativa-de-acoso tag-proteccion-de-derechos tag-proteccion-laboral tag-respeto-en-el-trabajo tag-seguridad-en-el-trabajo tag-servicios-legales tag-trabajadores\">\n\t\t\t\t<a class=\"elementor-post__thumbnail__link\" href=\"https:\/\/sinacoso.org\/blog\/conoce-y-defiende-tus-derechos-con-nuestro-canal-de-denuncias-y-asistencia-juridica\/\" tabindex=\"-1\" >\n\t\t\t<div class=\"elementor-post__thumbnail\"><img loading=\"lazy\" decoding=\"async\" width=\"300\" height=\"300\" src=\"https:\/\/sinacoso.org\/wp-content\/uploads\/2024\/09\/Captura-de-pantalla-2024-09-23-a-las-13.16.14-300x300.png\" class=\"attachment-medium size-medium wp-image-240\" alt=\"\" srcset=\"https:\/\/sinacoso.org\/wp-content\/uploads\/2024\/09\/Captura-de-pantalla-2024-09-23-a-las-13.16.14-300x300.png 300w, https:\/\/sinacoso.org\/wp-content\/uploads\/2024\/09\/Captura-de-pantalla-2024-09-23-a-las-13.16.14-1024x1020.png 1024w, https:\/\/sinacoso.org\/wp-content\/uploads\/2024\/09\/Captura-de-pantalla-2024-09-23-a-las-13.16.14-150x150.png 150w, https:\/\/sinacoso.org\/wp-content\/uploads\/2024\/09\/Captura-de-pantalla-2024-09-23-a-las-13.16.14-768x765.png 768w, https:\/\/sinacoso.org\/wp-content\/uploads\/2024\/09\/Captura-de-pantalla-2024-09-23-a-las-13.16.14-1536x1531.png 1536w, https:\/\/sinacoso.org\/wp-content\/uploads\/2024\/09\/Captura-de-pantalla-2024-09-23-a-las-13.16.14-600x598.png 600w, https:\/\/sinacoso.org\/wp-content\/uploads\/2024\/09\/Captura-de-pantalla-2024-09-23-a-las-13.16.14-100x100.png 100w, https:\/\/sinacoso.org\/wp-content\/uploads\/2024\/09\/Captura-de-pantalla-2024-09-23-a-las-13.16.14.png 1702w\" sizes=\"(max-width: 300px) 100vw, 300px\" \/><\/div>\n\t\t<\/a>\n\t\t\t\t<div class=\"elementor-post__text\">\n\t\t\t\t<h3 class=\"elementor-post__title\">\n\t\t\t<a href=\"https:\/\/sinacoso.org\/blog\/conoce-y-defiende-tus-derechos-con-nuestro-canal-de-denuncias-y-asistencia-juridica\/\" >\n\t\t\t\tConoce y Defiende tus Derechos con Nuestro Canal de Denuncias y Asistencia Jur\u00eddica\t\t\t<\/a>\n\t\t<\/h3>\n\t\t\t\t<div class=\"elementor-post__excerpt\">\n\t\t\t<p>En el entorno laboral, conocer y ejercer tus derechos no es solo un beneficio personal, sino una herramienta esencial para mantener un ambiente de trabajo<\/p>\n\t\t<\/div>\n\t\t\n\t\t<a class=\"elementor-post__read-more\" href=\"https:\/\/sinacoso.org\/blog\/conoce-y-defiende-tus-derechos-con-nuestro-canal-de-denuncias-y-asistencia-juridica\/\" aria-label=\"Read more about Conoce y Defiende tus Derechos con Nuestro Canal de Denuncias y Asistencia Jur\u00eddica\" tabindex=\"-1\" >\n\t\t\tLeer m\u00e1s \u00bb\t\t<\/a>\n\n\t\t\t\t<\/div>\n\t\t\t\t<\/article>\n\t\t\t\t<article class=\"elementor-post elementor-grid-item post-235 post type-post status-publish format-standard has-post-thumbnail hentry category-blog tag-abogados-especializados tag-asesoramiento-juridico tag-canal-de-denuncias-anonimo tag-confidencialidad tag-danos-reputacionales tag-empresas tag-entorno-laboral-seguro tag-normativa-de-acoso tag-organizaciones tag-plan-de-prevencion-de-acoso tag-prevencion-de-acoso tag-proteccion-de-trabajadores tag-reputacion-empresarial tag-riesgos-legales tag-seguridad-laboral tag-servicios-juridicos-integrales tag-trabajadores\">\n\t\t\t\t<a class=\"elementor-post__thumbnail__link\" href=\"https:\/\/sinacoso.org\/blog\/por-que-es-vital-contar-con-un-plan-de-prevencion-de-acoso-y-un-canal-de-denuncias-anonimo\/\" tabindex=\"-1\" >\n\t\t\t<div class=\"elementor-post__thumbnail\"><img loading=\"lazy\" decoding=\"async\" width=\"300\" height=\"300\" src=\"https:\/\/sinacoso.org\/wp-content\/uploads\/2024\/09\/Captura-de-pantalla-2024-09-23-a-las-13.12.55-300x300.png\" class=\"attachment-medium size-medium wp-image-237\" alt=\"\" srcset=\"https:\/\/sinacoso.org\/wp-content\/uploads\/2024\/09\/Captura-de-pantalla-2024-09-23-a-las-13.12.55-300x300.png 300w, https:\/\/sinacoso.org\/wp-content\/uploads\/2024\/09\/Captura-de-pantalla-2024-09-23-a-las-13.12.55-1020x1024.png 1020w, https:\/\/sinacoso.org\/wp-content\/uploads\/2024\/09\/Captura-de-pantalla-2024-09-23-a-las-13.12.55-150x150.png 150w, https:\/\/sinacoso.org\/wp-content\/uploads\/2024\/09\/Captura-de-pantalla-2024-09-23-a-las-13.12.55-768x771.png 768w, https:\/\/sinacoso.org\/wp-content\/uploads\/2024\/09\/Captura-de-pantalla-2024-09-23-a-las-13.12.55-1531x1536.png 1531w, https:\/\/sinacoso.org\/wp-content\/uploads\/2024\/09\/Captura-de-pantalla-2024-09-23-a-las-13.12.55-600x602.png 600w, https:\/\/sinacoso.org\/wp-content\/uploads\/2024\/09\/Captura-de-pantalla-2024-09-23-a-las-13.12.55-100x100.png 100w, https:\/\/sinacoso.org\/wp-content\/uploads\/2024\/09\/Captura-de-pantalla-2024-09-23-a-las-13.12.55.png 1706w\" sizes=\"(max-width: 300px) 100vw, 300px\" \/><\/div>\n\t\t<\/a>\n\t\t\t\t<div class=\"elementor-post__text\">\n\t\t\t\t<h3 class=\"elementor-post__title\">\n\t\t\t<a href=\"https:\/\/sinacoso.org\/blog\/por-que-es-vital-contar-con-un-plan-de-prevencion-de-acoso-y-un-canal-de-denuncias-anonimo\/\" >\n\t\t\t\t\u00bfPor qu\u00e9 es vital contar con un Plan de Prevenci\u00f3n de Acoso y un Canal de Denuncias an\u00f3nimo?\t\t\t<\/a>\n\t\t<\/h3>\n\t\t\t\t<div class=\"elementor-post__excerpt\">\n\t\t\t<p>En el entorno laboral actual, garantizar un espacio seguro y respetuoso para todos los empleados no es solo una responsabilidad \u00e9tica, sino tambi\u00e9n una obligaci\u00f3n<\/p>\n\t\t<\/div>\n\t\t\n\t\t<a class=\"elementor-post__read-more\" href=\"https:\/\/sinacoso.org\/blog\/por-que-es-vital-contar-con-un-plan-de-prevencion-de-acoso-y-un-canal-de-denuncias-anonimo\/\" aria-label=\"Read more about \u00bfPor qu\u00e9 es vital contar con un Plan de Prevenci\u00f3n de Acoso y un Canal de Denuncias an\u00f3nimo?\" tabindex=\"-1\" >\n\t\t\tLeer m\u00e1s \u00bb\t\t<\/a>\n\n\t\t\t\t<\/div>\n\t\t\t\t<\/article>\n\t\t\t\t<\/div>\n\t\t\n\t\t\t\t\t\t<\/div>\n\t\t\t\t<\/div>\n\t\t\t\t\t<\/div>\n\t\t\t\t<\/div>\n\t\t\t\t<\/div>\n\t\t","protected":false},"excerpt":{"rendered":"<p>BLOG Encuentra art\u00edculos y recursos sobre prevenci\u00f3n de acoso laboral y sexual, y c\u00f3mo proteger tus derechos a trav\u00e9s de nuestro canal de denuncias an\u00f3nimas.<\/p>\n","protected":false},"author":1,"featured_media":0,"parent":0,"menu_order":0,"comment_status":"closed","ping_status":"closed","template":"","meta":{"footnotes":""},"class_list":["post-202","page","type-page","status-publish","hentry"],"yoast_head":"<!-- This site is optimized with the Yoast SEO plugin v27.5 - https:\/\/yoast.com\/product\/yoast-seo-wordpress\/ -->\n<title>Blog - SINacoso<\/title>\n<meta name=\"robots\" content=\"index, follow, max-snippet:-1, max-image-preview:large, max-video-preview:-1\" \/>\n<link rel=\"canonical\" href=\"https:\/\/sinacoso.org\/blog\/\" \/>\n<meta property=\"og:locale\" content=\"es_ES\" \/>\n<meta property=\"og:type\" content=\"article\" \/>\n<meta property=\"og:title\" content=\"Blog - SINacoso\" \/>\n<meta property=\"og:description\" content=\"BLOG Encuentra art\u00edculos y recursos sobre prevenci\u00f3n de acoso laboral y sexual, y c\u00f3mo proteger tus derechos a trav\u00e9s de nuestro canal de denuncias an\u00f3nimas.\" \/>\n<meta property=\"og:url\" content=\"https:\/\/sinacoso.org\/blog\/\" \/>\n<meta property=\"og:site_name\" content=\"SINacoso\" \/>\n<meta property=\"article:modified_time\" content=\"2025-09-10T08:40:50+00:00\" \/>\n<meta name=\"twitter:card\" content=\"summary_large_image\" \/>\n<meta name=\"twitter:label1\" content=\"Tiempo de lectura\" \/>\n\t<meta name=\"twitter:data1\" content=\"17 minutos\" \/>\n<script type=\"application\/ld+json\" class=\"yoast-schema-graph\">{\"@context\":\"https:\\\/\\\/schema.org\",\"@graph\":[{\"@type\":\"WebPage\",\"@id\":\"https:\\\/\\\/sinacoso.org\\\/blog\\\/\",\"url\":\"https:\\\/\\\/sinacoso.org\\\/blog\\\/\",\"name\":\"Blog - SINacoso\",\"isPartOf\":{\"@id\":\"https:\\\/\\\/sinacoso.org\\\/blog\\\/#website\"},\"datePublished\":\"2024-09-23T10:42:06+00:00\",\"dateModified\":\"2025-09-10T08:40:50+00:00\",\"breadcrumb\":{\"@id\":\"https:\\\/\\\/sinacoso.org\\\/blog\\\/#breadcrumb\"},\"inLanguage\":\"es\",\"potentialAction\":[{\"@type\":\"ReadAction\",\"target\":[\"https:\\\/\\\/sinacoso.org\\\/blog\\\/\"]}]},{\"@type\":\"BreadcrumbList\",\"@id\":\"https:\\\/\\\/sinacoso.org\\\/blog\\\/#breadcrumb\",\"itemListElement\":[{\"@type\":\"ListItem\",\"position\":1,\"name\":\"Portada\",\"item\":\"https:\\\/\\\/sinacoso.org\\\/blog\\\/\"},{\"@type\":\"ListItem\",\"position\":2,\"name\":\"Blog\"}]},{\"@type\":\"WebSite\",\"@id\":\"https:\\\/\\\/sinacoso.org\\\/blog\\\/#website\",\"url\":\"https:\\\/\\\/sinacoso.org\\\/blog\\\/\",\"name\":\"SINacoso\",\"description\":\"Prevenci\u00f3n del Acoso laboral\",\"publisher\":{\"@id\":\"https:\\\/\\\/sinacoso.org\\\/blog\\\/#organization\"},\"potentialAction\":[{\"@type\":\"SearchAction\",\"target\":{\"@type\":\"EntryPoint\",\"urlTemplate\":\"https:\\\/\\\/sinacoso.org\\\/blog\\\/?s={search_term_string}\"},\"query-input\":{\"@type\":\"PropertyValueSpecification\",\"valueRequired\":true,\"valueName\":\"search_term_string\"}}],\"inLanguage\":\"es\"},{\"@type\":\"Organization\",\"@id\":\"https:\\\/\\\/sinacoso.org\\\/blog\\\/#organization\",\"name\":\"SINacoso\",\"url\":\"https:\\\/\\\/sinacoso.org\\\/blog\\\/\",\"logo\":{\"@type\":\"ImageObject\",\"inLanguage\":\"es\",\"@id\":\"https:\\\/\\\/sinacoso.org\\\/blog\\\/#\\\/schema\\\/logo\\\/image\\\/\",\"url\":\"https:\\\/\\\/sinacoso.org\\\/wp-content\\\/uploads\\\/2024\\\/09\\\/unnamed.png\",\"contentUrl\":\"https:\\\/\\\/sinacoso.org\\\/wp-content\\\/uploads\\\/2024\\\/09\\\/unnamed.png\",\"width\":400,\"height\":85,\"caption\":\"SINacoso\"},\"image\":{\"@id\":\"https:\\\/\\\/sinacoso.org\\\/blog\\\/#\\\/schema\\\/logo\\\/image\\\/\"}}]}<\/script>\n<!-- \/ Yoast SEO plugin. -->","yoast_head_json":{"title":"Blog - SINacoso","robots":{"index":"index","follow":"follow","max-snippet":"max-snippet:-1","max-image-preview":"max-image-preview:large","max-video-preview":"max-video-preview:-1"},"canonical":"https:\/\/sinacoso.org\/blog\/","og_locale":"es_ES","og_type":"article","og_title":"Blog - SINacoso","og_description":"BLOG Encuentra art\u00edculos y recursos sobre prevenci\u00f3n de acoso laboral y sexual, y c\u00f3mo proteger tus derechos a trav\u00e9s de nuestro canal de denuncias an\u00f3nimas.","og_url":"https:\/\/sinacoso.org\/blog\/","og_site_name":"SINacoso","article_modified_time":"2025-09-10T08:40:50+00:00","twitter_card":"summary_large_image","twitter_misc":{"Tiempo de lectura":"17 minutos"},"schema":{"@context":"https:\/\/schema.org","@graph":[{"@type":"WebPage","@id":"https:\/\/sinacoso.org\/blog\/","url":"https:\/\/sinacoso.org\/blog\/","name":"Blog - SINacoso","isPartOf":{"@id":"https:\/\/sinacoso.org\/blog\/#website"},"datePublished":"2024-09-23T10:42:06+00:00","dateModified":"2025-09-10T08:40:50+00:00","breadcrumb":{"@id":"https:\/\/sinacoso.org\/blog\/#breadcrumb"},"inLanguage":"es","potentialAction":[{"@type":"ReadAction","target":["https:\/\/sinacoso.org\/blog\/"]}]},{"@type":"BreadcrumbList","@id":"https:\/\/sinacoso.org\/blog\/#breadcrumb","itemListElement":[{"@type":"ListItem","position":1,"name":"Portada","item":"https:\/\/sinacoso.org\/blog\/"},{"@type":"ListItem","position":2,"name":"Blog"}]},{"@type":"WebSite","@id":"https:\/\/sinacoso.org\/blog\/#website","url":"https:\/\/sinacoso.org\/blog\/","name":"SINacoso","description":"Prevenci\u00f3n del Acoso laboral","publisher":{"@id":"https:\/\/sinacoso.org\/blog\/#organization"},"potentialAction":[{"@type":"SearchAction","target":{"@type":"EntryPoint","urlTemplate":"https:\/\/sinacoso.org\/blog\/?s={search_term_string}"},"query-input":{"@type":"PropertyValueSpecification","valueRequired":true,"valueName":"search_term_string"}}],"inLanguage":"es"},{"@type":"Organization","@id":"https:\/\/sinacoso.org\/blog\/#organization","name":"SINacoso","url":"https:\/\/sinacoso.org\/blog\/","logo":{"@type":"ImageObject","inLanguage":"es","@id":"https:\/\/sinacoso.org\/blog\/#\/schema\/logo\/image\/","url":"https:\/\/sinacoso.org\/wp-content\/uploads\/2024\/09\/unnamed.png","contentUrl":"https:\/\/sinacoso.org\/wp-content\/uploads\/2024\/09\/unnamed.png","width":400,"height":85,"caption":"SINacoso"},"image":{"@id":"https:\/\/sinacoso.org\/blog\/#\/schema\/logo\/image\/"}}]}},"_links":{"self":[{"href":"https:\/\/sinacoso.org\/blog\/wp-json\/wp\/v2\/pages\/202","targetHints":{"allow":["GET"]}}],"collection":[{"href":"https:\/\/sinacoso.org\/blog\/wp-json\/wp\/v2\/pages"}],"about":[{"href":"https:\/\/sinacoso.org\/blog\/wp-json\/wp\/v2\/types\/page"}],"author":[{"embeddable":true,"href":"https:\/\/sinacoso.org\/blog\/wp-json\/wp\/v2\/users\/1"}],"replies":[{"embeddable":true,"href":"https:\/\/sinacoso.org\/blog\/wp-json\/wp\/v2\/comments?post=202"}],"version-history":[{"count":25,"href":"https:\/\/sinacoso.org\/blog\/wp-json\/wp\/v2\/pages\/202\/revisions"}],"predecessor-version":[{"id":394,"href":"https:\/\/sinacoso.org\/blog\/wp-json\/wp\/v2\/pages\/202\/revisions\/394"}],"wp:attachment":[{"href":"https:\/\/sinacoso.org\/blog\/wp-json\/wp\/v2\/media?parent=202"}],"curies":[{"name":"wp","href":"https:\/\/api.w.org\/{rel}","templated":true}]}}